{"id":98,"date":"2022-10-01T15:20:26","date_gmt":"2022-10-01T15:20:26","guid":{"rendered":"https:\/\/albergueelvalle.es\/?page_id=98"},"modified":"2022-11-18T21:22:10","modified_gmt":"2022-11-18T21:22:10","slug":"entorno","status":"publish","type":"page","link":"http:\/\/albergueelvalle.es\/index.php\/entorno\/","title":{"rendered":"Entorno"},"content":{"rendered":"\t\t<div data-elementor-type=\"wp-page\" data-elementor-id=\"98\" class=\"elementor elementor-98\">\n\t\t\t\t\t\t\t\t\t<section class=\"elementor-section elementor-top-section elementor-element elementor-element-8977141 elementor-section-boxed elementor-section-height-default elementor-section-height-default\" data-id=\"8977141\" data-element_type=\"section\">\n\t\t\t\t\t\t<div class=\"elementor-container elementor-column-gap-default\">\n\t\t\t\t\t<div class=\"elementor-column elementor-col-100 elementor-top-column elementor-element elementor-element-b08cb53\" data-id=\"b08cb53\" data-element_type=\"column\">\n\t\t\t<div class=\"elementor-widget-wrap elementor-element-populated\">\n\t\t\t\t\t\t\t\t<div class=\"elementor-element elementor-element-b51051f elementor-widget elementor-widget-text-editor\" data-id=\"b51051f\" data-element_type=\"widget\" data-widget_type=\"text-editor.default\">\n\t\t\t\t<div class=\"elementor-widget-container\">\n\t\t\t<style>\/*! elementor - v3.8.1 - 13-11-2022 *\/\n.elementor-widget-text-editor.elementor-drop-cap-view-stacked .elementor-drop-cap{background-color:#818a91;color:#fff}.elementor-widget-text-editor.elementor-drop-cap-view-framed .elementor-drop-cap{color:#818a91;border:3px solid;background-color:transparent}.elementor-widget-text-editor:not(.elementor-drop-cap-view-default) .elementor-drop-cap{margin-top:8px}.elementor-widget-text-editor:not(.elementor-drop-cap-view-default) .elementor-drop-cap-letter{width:1em;height:1em}.elementor-widget-text-editor .elementor-drop-cap{float:left;text-align:center;line-height:1;font-size:50px}.elementor-widget-text-editor .elementor-drop-cap-letter{display:inline-block}<\/style>\t\t\t\t<!-- wp:group -->\n<div class=\"wp-block-group\"><!-- wp:columns -->\n<div class=\"wp-block-columns\"><!-- wp:column -->\n<div class=\"wp-block-column\"><!-- wp:image {\"id\":113,\"sizeSlug\":\"large\",\"linkDestination\":\"none\"} -->\n<figure class=\"wp-block-image size-large\"><img loading=\"lazy\" decoding=\"async\" width=\"1024\" height=\"640\" src=\"https:\/\/albergueelvalle.es\/wp-content\/uploads\/2022\/10\/olmeda-3-1024x640.jpg\" alt=\"\" class=\"wp-image-113\" srcset=\"http:\/\/albergueelvalle.es\/wp-content\/uploads\/2022\/10\/olmeda-3-1024x640.jpg 1024w, http:\/\/albergueelvalle.es\/wp-content\/uploads\/2022\/10\/olmeda-3-300x188.jpg 300w, http:\/\/albergueelvalle.es\/wp-content\/uploads\/2022\/10\/olmeda-3-768x480.jpg 768w, http:\/\/albergueelvalle.es\/wp-content\/uploads\/2022\/10\/olmeda-3-1536x960.jpg 1536w, http:\/\/albergueelvalle.es\/wp-content\/uploads\/2022\/10\/olmeda-3.jpg 1920w\" sizes=\"auto, (max-width: 1024px) 100vw, 1024px\" \/><\/figure>\n<!-- \/wp:image --><\/div>\n<!-- \/wp:column -->\n\n<!-- wp:column -->\n<div class=\"wp-block-column\"><!-- wp:paragraph {\"fontSize\":\"small\"} -->\n<p class=\"has-small-font-size\">La Villa Romana La Olmeda, es una gran mansi\u00f3n rural del Bajo Imperio (s. IV d.C.), cuyo edificio principal o pars urbana, es de planta cuadrada flanqueada por torres en cada esquina y se dispone en torno a un patio central y peristilo al que se abren las distintas dependencias. Esta villa palaciega abarca una extensi\u00f3n en superficie de 4400 m2 con un total de 35 habitaciones repartidas entre la vivienda principal y los ba\u00f1os, 26 de las cuales est\u00e1n decoradas con 1450 m2 de mosaicos pol\u00edcromos conservados in situ. El conjunto fue declarado Bien de Inter\u00e9s Cultural el 3 de abril de 1996.<\/p>\n<!-- \/wp:paragraph --><\/div>\n<!-- \/wp:column --><\/div>\n<!-- \/wp:columns --><\/div>\n<!-- \/wp:group -->\n\n<!-- wp:columns -->\n<div class=\"wp-block-columns\"><!-- wp:column -->\n<div class=\"wp-block-column\"><!-- wp:gallery {\"linkTo\":\"none\"} -->\n<figure class=\"wp-block-gallery has-nested-images columns-default is-cropped\"><!-- wp:image {\"id\":108,\"sizeSlug\":\"full\",\"linkDestination\":\"none\"} -->\n<figure class=\"wp-block-image size-full\"><img loading=\"lazy\" decoding=\"async\" width=\"567\" height=\"850\" src=\"https:\/\/albergueelvalle.es\/wp-content\/uploads\/2022\/10\/virgen-de-valle.jpg\" alt=\"\" class=\"wp-image-108\" srcset=\"http:\/\/albergueelvalle.es\/wp-content\/uploads\/2022\/10\/virgen-de-valle.jpg 567w, http:\/\/albergueelvalle.es\/wp-content\/uploads\/2022\/10\/virgen-de-valle-200x300.jpg 200w\" sizes=\"auto, (max-width: 567px) 100vw, 567px\" \/><\/figure>\n<!-- \/wp:image --><\/figure>\n<!-- \/wp:gallery --><\/div>\n<!-- \/wp:column -->\n\n<!-- wp:column -->\n<div class=\"wp-block-column\"><!-- wp:paragraph {\"fontSize\":\"small\"} -->\n<p class=\"has-small-font-size\">La\u00a0<strong>Virgen del Valle<\/strong>\u00a0es una\u00a0advocaci\u00f3n\u00a0de la\u00a0Virgen Mar\u00eda\u00a0venerada en el municipio de\u00a0Salda\u00f1a\u00a0(Palencia), en la comunidad aut\u00f3noma de\u00a0Castilla y Le\u00f3n.<\/p>\n<!-- \/wp:paragraph -->\n\n<!-- wp:paragraph {\"fontSize\":\"small\"} -->\n<p class=\"has-small-font-size\">Es la patrona de Salda\u00f1a y su comarca, tambi\u00e9n ha sido nombrada alcaldesa perpetua de Salda\u00f1a.<\/p>\n<!-- \/wp:paragraph -->\n\n<!-- wp:paragraph {\"fontSize\":\"small\"} -->\n<p class=\"has-small-font-size\">El d\u00eda 8 de septiembre se celebra su festividad, realiz\u00e1ndose una misa y procesi\u00f3n en la pradera que rodea al santuario. En el mes de agosto es trasladada, en procesi\u00f3n, desde su santuario hasta la iglesia de Salda\u00f1a, donde se realiza un novena en su honor. El d\u00eda 6 de septiembre se realiza una procesi\u00f3n por las calles de la villa y una ofrenda floral. La v\u00edspera de su festividad es trasladada hasta su ermita en una procesi\u00f3n nocturna, en la que los fieles portan antorchas.<\/p>\n<!-- \/wp:paragraph -->\n\n<!-- wp:paragraph {\"fontSize\":\"small\"} -->\n<p class=\"has-small-font-size\">Estas fiestas en su honor han sido declaradas de inter\u00e9s tur\u00edstico regional por la\u00a0Junta de Castilla y Le\u00f3n.<\/p>\n<!-- \/wp:paragraph --><\/div>\n<!-- \/wp:column --><\/div>\n<!-- \/wp:columns -->\n\n<!-- wp:columns -->\n<div class=\"wp-block-columns\"><!-- wp:column -->\n<div class=\"wp-block-column\"><!-- wp:image {\"id\":109,\"sizeSlug\":\"full\",\"linkDestination\":\"none\"} -->\n<figure class=\"wp-block-image size-full\"><img loading=\"lazy\" decoding=\"async\" width=\"1024\" height=\"768\" src=\"https:\/\/albergueelvalle.es\/wp-content\/uploads\/2022\/10\/canal-de-castilla.jpg\" alt=\"\" class=\"wp-image-109\" srcset=\"http:\/\/albergueelvalle.es\/wp-content\/uploads\/2022\/10\/canal-de-castilla.jpg 1024w, http:\/\/albergueelvalle.es\/wp-content\/uploads\/2022\/10\/canal-de-castilla-300x225.jpg 300w, http:\/\/albergueelvalle.es\/wp-content\/uploads\/2022\/10\/canal-de-castilla-768x576.jpg 768w\" sizes=\"auto, (max-width: 1024px) 100vw, 1024px\" \/><\/figure>\n<!-- \/wp:image --><\/div>\n<!-- \/wp:column -->\n\n<!-- wp:column -->\n<div class=\"wp-block-column\"><!-- wp:paragraph {\"fontSize\":\"small\"} -->\n<p class=\"has-small-font-size\">El canal de Castilla es una de las obras de ingenier\u00eda hidr\u00e1ulica m\u00e1s importantes de las realizadas entre mediados del siglo XVIII y el primer tercio del XIX en Espa\u00f1a. Recorre parte de las provincias de Burgos , Palencia y Valladolid en la comunidad aut\u00f3noma de<strong>\u00a0Castilla y Le\u00f3n<\/strong>\u00a0( Espa\u00f1a ) y fue construido para facilitar el transporte del trigo de Castilla hacia los puertos del norte y de all\u00ed a otros mercados.<\/p>\n<!-- \/wp:paragraph --><\/div>\n<!-- \/wp:column --><\/div>\n<!-- \/wp:columns -->\n\n<!-- wp:columns -->\n<div class=\"wp-block-columns\"><!-- wp:column -->\n<div class=\"wp-block-column\"><!-- wp:image {\"id\":110,\"sizeSlug\":\"full\",\"linkDestination\":\"none\"} -->\n<figure class=\"wp-block-image size-full\"><img loading=\"lazy\" decoding=\"async\" width=\"960\" height=\"720\" src=\"https:\/\/albergueelvalle.es\/wp-content\/uploads\/2022\/10\/camino-de-santiago.jpg\" alt=\"\" class=\"wp-image-110\" srcset=\"http:\/\/albergueelvalle.es\/wp-content\/uploads\/2022\/10\/camino-de-santiago.jpg 960w, http:\/\/albergueelvalle.es\/wp-content\/uploads\/2022\/10\/camino-de-santiago-300x225.jpg 300w, http:\/\/albergueelvalle.es\/wp-content\/uploads\/2022\/10\/camino-de-santiago-768x576.jpg 768w\" sizes=\"auto, (max-width: 960px) 100vw, 960px\" \/><\/figure>\n<!-- \/wp:image --><\/div>\n<!-- \/wp:column -->\n\n<!-- wp:column -->\n<div class=\"wp-block-column\"><!-- wp:paragraph {\"fontSize\":\"small\"} -->\n<p class=\"has-small-font-size\">El Camino de Santiago es una ruta que recorren los peregrinos procedentes de todo el mundo para llegar a la ciudad de Santiago de Compostela, donde se veneran las supuestas reliquias del ap\u00f3stol Santiago el Mayor. Durante toda la Edad Media fue muy concurrido, despu\u00e9s fue ligeramente olvidado pero en la actualidad ha vuelto a tomar un gran auge.<\/p>\n<!-- \/wp:paragraph --><\/div>\n<!-- \/wp:column --><\/div>\n<!-- \/wp:columns -->\n\n<!-- wp:columns -->\n<div class=\"wp-block-columns\"><!-- wp:column -->\n<div class=\"wp-block-column\"><!-- wp:image {\"id\":111,\"sizeSlug\":\"full\",\"linkDestination\":\"none\"} -->\n<figure class=\"wp-block-image size-full\"><img loading=\"lazy\" decoding=\"async\" width=\"474\" height=\"334\" src=\"https:\/\/albergueelvalle.es\/wp-content\/uploads\/2022\/10\/romanico-palentino.jpg\" alt=\"\" class=\"wp-image-111\" srcset=\"http:\/\/albergueelvalle.es\/wp-content\/uploads\/2022\/10\/romanico-palentino.jpg 474w, http:\/\/albergueelvalle.es\/wp-content\/uploads\/2022\/10\/romanico-palentino-300x211.jpg 300w\" sizes=\"auto, (max-width: 474px) 100vw, 474px\" \/><\/figure>\n<!-- \/wp:image --><\/div>\n<!-- \/wp:column -->\n\n<!-- wp:column -->\n<div class=\"wp-block-column\"><!-- wp:paragraph {\"fontSize\":\"small\"} -->\n<p class=\"has-small-font-size\">Se denomina Rom\u00e1nico Palentino al patrimonio de arte rom\u00e1nico ubicado en la provincia de Palencia. Est\u00e1 considerada la concentraci\u00f3n de monumentos rom\u00e1nicos m\u00e1s importante de Europa.<\/p>\n<!-- \/wp:paragraph --><\/div>\n<!-- \/wp:column --><\/div>\n<!-- \/wp:columns -->\n\n<!-- wp:columns -->\n<div class=\"wp-block-columns\"><!-- wp:column -->\n<div class=\"wp-block-column\"><!-- wp:image {\"id\":112,\"sizeSlug\":\"large\",\"linkDestination\":\"none\"} -->\n<figure class=\"wp-block-image size-large\"><img loading=\"lazy\" decoding=\"async\" width=\"1024\" height=\"767\" src=\"https:\/\/albergueelvalle.es\/wp-content\/uploads\/2022\/10\/montana-palentina-1024x767.jpg\" alt=\"\" class=\"wp-image-112\" srcset=\"http:\/\/albergueelvalle.es\/wp-content\/uploads\/2022\/10\/montana-palentina-1024x767.jpg 1024w, http:\/\/albergueelvalle.es\/wp-content\/uploads\/2022\/10\/montana-palentina-300x225.jpg 300w, http:\/\/albergueelvalle.es\/wp-content\/uploads\/2022\/10\/montana-palentina-768x575.jpg 768w, http:\/\/albergueelvalle.es\/wp-content\/uploads\/2022\/10\/montana-palentina.jpg 1200w\" sizes=\"auto, (max-width: 1024px) 100vw, 1024px\" \/><\/figure>\n<!-- \/wp:image --><\/div>\n<!-- \/wp:column -->\n\n<!-- wp:column -->\n<div class=\"wp-block-column\"><!-- wp:paragraph {\"fontSize\":\"small\"} -->\n<p class=\"has-small-font-size\">La\u00a0Monta\u00f1a Palentina\u00a0es una\u00a0comarca\u00a0de la\u00a0provincia de Palencia, en la\u00a0Comunidad de Castilla y Le\u00f3n, en\u00a0Espa\u00f1a. Es la divisi\u00f3n subprovincial utilizada por la\u00a0Diputaci\u00f3n de Palencia\u00a0en sus publicaciones, aunque no se corresponde con la comarca natural, ya que esta no incluye a\u00a0La Valdivia, situada en el Este.<\/p>\n<!-- \/wp:paragraph --><\/div>\n<!-- \/wp:column --><\/div>\n<!-- \/wp:columns -->\t\t\t\t\t\t<\/div>\n\t\t\t\t<\/div>\n\t\t\t\t\t<\/div>\n\t\t<\/div>\n\t\t\t\t\t\t\t<\/div>\n\t\t<\/section>\n\t\t\t\t<section class=\"elementor-section elementor-top-section elementor-element elementor-element-940eeba elementor-section-boxed elementor-section-height-default elementor-section-height-default\" data-id=\"940eeba\" data-element_type=\"section\">\n\t\t\t\t\t\t<div class=\"elementor-container elementor-column-gap-default\">\n\t\t\t\t\t<div class=\"elementor-column elementor-col-100 elementor-top-column elementor-element elementor-element-5ee739e\" data-id=\"5ee739e\" data-element_type=\"column\">\n\t\t\t<div class=\"elementor-widget-wrap elementor-element-populated\">\n\t\t\t\t\t\t\t\t<div class=\"elementor-element elementor-element-07944b4 elementor-widget elementor-widget-image\" data-id=\"07944b4\" data-element_type=\"widget\" data-widget_type=\"image.default\">\n\t\t\t\t<div class=\"elementor-widget-container\">\n\t\t\t<style>\/*! elementor - v3.8.1 - 13-11-2022 *\/\n.elementor-widget-image{text-align:center}.elementor-widget-image a{display:inline-block}.elementor-widget-image a img[src$=\".svg\"]{width:48px}.elementor-widget-image img{vertical-align:middle;display:inline-block}<\/style>\t\t\t\t\t\t\t\t\t\t\t\t<img loading=\"lazy\" decoding=\"async\" width=\"403\" height=\"125\" src=\"http:\/\/albergueelvalle.es\/wp-content\/uploads\/2022\/10\/image.png\" class=\"attachment-large size-large\" alt=\"\" srcset=\"http:\/\/albergueelvalle.es\/wp-content\/uploads\/2022\/10\/image.png 403w, http:\/\/albergueelvalle.es\/wp-content\/uploads\/2022\/10\/image-300x93.png 300w\" sizes=\"auto, (max-width: 403px) 100vw, 403px\" \/>\t\t\t\t\t\t\t\t\t\t\t\t\t\t\t<\/div>\n\t\t\t\t<\/div>\n\t\t\t\t\t<\/div>\n\t\t<\/div>\n\t\t\t\t\t\t\t<\/div>\n\t\t<\/section>\n\t\t\t\t\t\t\t<\/div>\n\t\t","protected":false},"excerpt":{"rendered":"<p>La Villa Romana La Olmeda, es una gran mansi\u00f3n rural del Bajo Imperio (s. IV d.C.), cuyo edificio principal o pars urbana, es de planta cuadrada flanqueada por torres en cada esquina y se dispone en torno a un patio central y peristilo al que se abren las distintas dependencias. Esta villa palaciega abarca una &hellip;<\/p>\n<p class=\"read-more\"> <a class=\"\" href=\"http:\/\/albergueelvalle.es\/index.php\/entorno\/\"> <span class=\"screen-reader-text\">Entorno<\/span> Leer m\u00e1s \u00bb<\/a><\/p>\n","protected":false},"author":1,"featured_media":0,"parent":0,"menu_order":0,"comment_status":"closed","ping_status":"closed","template":"","meta":{"site-sidebar-layout":"default","site-content-layout":"default","ast-global-header-display":"","ast-main-header-display":"","ast-hfb-above-header-display":"","ast-hfb-below-header-display":"","ast-hfb-mobile-header-display":"","site-post-title":"","ast-breadcrumbs-content":"","ast-featured-img":"","footer-sml-layout":"","theme-transparent-header-meta":"","adv-header-id-meta":"","stick-header-meta":"","header-above-stick-meta":"","header-main-stick-meta":"","header-below-stick-meta":"","footnotes":""},"class_list":["post-98","page","type-page","status-publish","hentry"],"_links":{"self":[{"href":"http:\/\/albergueelvalle.es\/index.php\/wp-json\/wp\/v2\/pages\/98","targetHints":{"allow":["GET"]}}],"collection":[{"href":"http:\/\/albergueelvalle.es\/index.php\/wp-json\/wp\/v2\/pages"}],"about":[{"href":"http:\/\/albergueelvalle.es\/index.php\/wp-json\/wp\/v2\/types\/page"}],"author":[{"embeddable":true,"href":"http:\/\/albergueelvalle.es\/index.php\/wp-json\/wp\/v2\/users\/1"}],"replies":[{"embeddable":true,"href":"http:\/\/albergueelvalle.es\/index.php\/wp-json\/wp\/v2\/comments?post=98"}],"version-history":[{"count":5,"href":"http:\/\/albergueelvalle.es\/index.php\/wp-json\/wp\/v2\/pages\/98\/revisions"}],"predecessor-version":[{"id":418,"href":"http:\/\/albergueelvalle.es\/index.php\/wp-json\/wp\/v2\/pages\/98\/revisions\/418"}],"wp:attachment":[{"href":"http:\/\/albergueelvalle.es\/index.php\/wp-json\/wp\/v2\/media?parent=98"}],"curies":[{"name":"wp","href":"https:\/\/api.w.org\/{rel}","templated":true}]}}